{"id":2028,"date":"2024-01-02T01:01:31","date_gmt":"2024-01-02T01:01:31","guid":{"rendered":"https:\/\/ahamimcar.foxneer.com\/?post_type=product&#038;p=2028"},"modified":"2024-03-22T23:13:55","modified_gmt":"2024-03-22T23:13:55","slug":"hyundai-creta","status":"publish","type":"product","link":"https:\/\/ahamimcar.com\/ar\/car\/hyundai-creta\/","title":{"rendered":"Hyundai creta"},"content":{"rendered":"","protected":false},"excerpt":{"rendered":"","protected":false},"featured_media":2092,"comment_status":"open","ping_status":"closed","template":"","meta":{"site-sidebar-layout":"default","site-content-layout":"default","ast-site-content-layout":"","site-content-style":"default","site-sidebar-style":"default","ast-global-header-display":"","ast-banner-title-visibility":"","ast-main-header-display":"","ast-hfb-above-header-display":"","ast-hfb-below-header-display":"","ast-hfb-mobile-header-display":"","site-post-title":"","ast-breadcrumbs-content":"","ast-featured-img":"","footer-sml-layout":"","theme-transparent-header-meta":"default","adv-header-id-meta":"","stick-header-meta":"","header-above-stick-meta":"","header-main-stick-meta":"","header-below-stick-meta":"","astra-migrate-meta-layouts":"default","ast-page-background-enabled":"default","ast-page-background-meta":{"desktop":{"background-color":"var(--ast-global-color-4)","background-image":"","background-repeat":"repeat","background-position":"center center","background-size":"auto","background-attachment":"scroll","background-type":"","background-media":"","overlay-type":"","overlay-color":"","overlay-opacity":"","overlay-gradient":""},"tablet":{"background-color":"","background-image":"","background-repeat":"repeat","background-position":"center center","background-size":"auto","background-attachment":"scroll","background-type":"","background-media":"","overlay-type":"","overlay-color":"","overlay-opacity":"","overlay-gradient":""},"mobile":{"background-color":"","background-image":"","background-repeat":"repeat","background-position":"center center","background-size":"auto","background-attachment":"scroll","background-type":"","background-media":"","overlay-type":"","overlay-color":"","overlay-opacity":"","overlay-gradient":""}},"ast-content-background-meta":{"desktop":{"background-color":"var(--ast-global-color-5)","background-image":"","background-repeat":"repeat","background-position":"center center","background-size":"auto","background-attachment":"scroll","background-type":"","background-media":"","overlay-type":"","overlay-color":"","overlay-opacity":"","overlay-gradient":""},"tablet":{"background-color":"var(--ast-global-color-5)","background-image":"","background-repeat":"repeat","background-position":"center center","background-size":"auto","background-attachment":"scroll","background-type":"","background-media":"","overlay-type":"","overlay-color":"","overlay-opacity":"","overlay-gradient":""},"mobile":{"background-color":"var(--ast-global-color-5)","background-image":"","background-repeat":"repeat","background-position":"center center","background-size":"auto","background-attachment":"scroll","background-type":"","background-media":"","overlay-type":"","overlay-color":"","overlay-opacity":"","overlay-gradient":""}}},"product_cat":[23],"product_tag":[],"class_list":{"0":"post-2028","1":"product","2":"type-product","3":"status-publish","4":"has-post-thumbnail","6":"product_cat-non-classe","7":"product_shipping_class-lieu-de-depart","8":"desktop-align-left","9":"tablet-align-left","10":"mobile-align-left","12":"first","13":"instock","14":"shipping-taxable","15":"purchasable","16":"product-type-redq_rental"},"yoast_head":"<!-- This site is optimized with the Yoast SEO plugin v23.9 - https:\/\/yoast.com\/wordpress\/plugins\/seo\/ -->\n<title>Hyundai creta | Ahamim car<\/title>\n<meta name=\"description\" content=\"Hyundai creta | R\u00e9cup\u00e9rez votre voiture de location Ahamimcar d\u00e8s votre arriv\u00e9e \u00e0 l&#039;a\u00e9roport de F\u00e8s ! Notre agence de location vous propose une large gamme de voitures. Ne perdez plus de temps et r\u00e9servez d\u00e8s maintenant le voiture de location qui vous convient. R\u00e9cup\u00e9rez l\u00e0 d\u00e8s votre arriv\u00e9e \u00e0 l&#039;a\u00e9roport de F\u00e8s et partez \u00e0 la d\u00e9couverte de la capitale culturelle du Maroc.\" \/>\n<meta name=\"robots\" content=\"index, follow, max-snippet:-1, max-image-preview:large, max-video-preview:-1\" \/>\n<link rel=\"canonical\" href=\"https:\/\/ahamimcar.com\/ar\/car\/hyundai-creta\/\" \/>\n<meta property=\"og:locale\" content=\"ar_AR\" \/>\n<meta property=\"og:type\" content=\"article\" \/>\n<meta property=\"og:title\" content=\"Hyundai creta | Ahamim car\" \/>\n<meta property=\"og:description\" content=\"Hyundai creta | R\u00e9cup\u00e9rez votre voiture de location Ahamimcar d\u00e8s votre arriv\u00e9e \u00e0 l&#039;a\u00e9roport de F\u00e8s ! Notre agence de location vous propose une large gamme de voitures. Ne perdez plus de temps et r\u00e9servez d\u00e8s maintenant le voiture de location qui vous convient. R\u00e9cup\u00e9rez l\u00e0 d\u00e8s votre arriv\u00e9e \u00e0 l&#039;a\u00e9roport de F\u00e8s et partez \u00e0 la d\u00e9couverte de la capitale culturelle du Maroc.\" \/>\n<meta property=\"og:url\" content=\"https:\/\/ahamimcar.com\/ar\/car\/hyundai-creta\/\" \/>\n<meta property=\"og:site_name\" content=\"Ahamim car\" \/>\n<meta property=\"article:publisher\" content=\"https:\/\/www.facebook.com\/locationdesvoitures\" \/>\n<meta property=\"article:modified_time\" content=\"2024-03-22T23:13:55+00:00\" \/>\n<meta property=\"og:image\" content=\"https:\/\/ahamimcar.com\/wp-content\/uploads\/2023\/05\/hyundai-creta-2020-sx-ivt-bs6-petrol-polar-white-184465903-agiph.webp\" \/>\n\t<meta property=\"og:image:width\" content=\"676\" \/>\n\t<meta property=\"og:image:height\" content=\"403\" \/>\n\t<meta property=\"og:image:type\" content=\"image\/webp\" \/>\n<meta name=\"twitter:card\" content=\"summary_large_image\" \/>\n<script type=\"application\/ld+json\" class=\"yoast-schema-graph\">{\"@context\":\"https:\/\/schema.org\",\"@graph\":[{\"@type\":\"WebPage\",\"@id\":\"https:\/\/ahamimcar.com\/en\/car\/hyundai-creta\/\",\"url\":\"https:\/\/ahamimcar.com\/en\/car\/hyundai-creta\/\",\"name\":\"Hyundai creta | Ahamim car\",\"isPartOf\":{\"@id\":\"https:\/\/ahamimcar.com\/#website\"},\"primaryImageOfPage\":{\"@id\":\"https:\/\/ahamimcar.com\/en\/car\/hyundai-creta\/#primaryimage\"},\"image\":{\"@id\":\"https:\/\/ahamimcar.com\/en\/car\/hyundai-creta\/#primaryimage\"},\"thumbnailUrl\":\"https:\/\/ahamimcar.com\/wp-content\/uploads\/2023\/05\/hyundai-creta-2020-sx-ivt-bs6-petrol-polar-white-184465903-agiph.webp\",\"datePublished\":\"2024-01-02T01:01:31+00:00\",\"dateModified\":\"2024-03-22T23:13:55+00:00\",\"description\":\"Hyundai creta | R\u00e9cup\u00e9rez votre voiture de location Ahamimcar d\u00e8s votre arriv\u00e9e \u00e0 l'a\u00e9roport de F\u00e8s ! Notre agence de location vous propose une large gamme de voitures. Ne perdez plus de temps et r\u00e9servez d\u00e8s maintenant le voiture de location qui vous convient. R\u00e9cup\u00e9rez l\u00e0 d\u00e8s votre arriv\u00e9e \u00e0 l'a\u00e9roport de F\u00e8s et partez \u00e0 la d\u00e9couverte de la capitale culturelle du Maroc.\",\"breadcrumb\":{\"@id\":\"https:\/\/ahamimcar.com\/en\/car\/hyundai-creta\/#breadcrumb\"},\"inLanguage\":\"ar\",\"potentialAction\":[{\"@type\":\"ReadAction\",\"target\":[\"https:\/\/ahamimcar.com\/en\/car\/hyundai-creta\/\"]}]},{\"@type\":\"ImageObject\",\"inLanguage\":\"ar\",\"@id\":\"https:\/\/ahamimcar.com\/en\/car\/hyundai-creta\/#primaryimage\",\"url\":\"https:\/\/ahamimcar.com\/wp-content\/uploads\/2023\/05\/hyundai-creta-2020-sx-ivt-bs6-petrol-polar-white-184465903-agiph.webp\",\"contentUrl\":\"https:\/\/ahamimcar.com\/wp-content\/uploads\/2023\/05\/hyundai-creta-2020-sx-ivt-bs6-petrol-polar-white-184465903-agiph.webp\",\"width\":676,\"height\":403},{\"@type\":\"BreadcrumbList\",\"@id\":\"https:\/\/ahamimcar.com\/en\/car\/hyundai-creta\/#breadcrumb\",\"itemListElement\":[{\"@type\":\"ListItem\",\"position\":1,\"name\":\"Accueil\",\"item\":\"https:\/\/ahamimcar.com\/\"},{\"@type\":\"ListItem\",\"position\":2,\"name\":\"Boutique\",\"item\":\"https:\/\/ahamimcar.com\/en\/boutique\/\"},{\"@type\":\"ListItem\",\"position\":3,\"name\":\"Hyundai creta\"}]},{\"@type\":\"WebSite\",\"@id\":\"https:\/\/ahamimcar.com\/#website\",\"url\":\"https:\/\/ahamimcar.com\/\",\"name\":\"Ahamim car\",\"description\":\"Location de voitures f\u00e8s saiss\",\"publisher\":{\"@id\":\"https:\/\/ahamimcar.com\/#organization\"},\"potentialAction\":[{\"@type\":\"SearchAction\",\"target\":{\"@type\":\"EntryPoint\",\"urlTemplate\":\"https:\/\/ahamimcar.com\/?s={search_term_string}\"},\"query-input\":{\"@type\":\"PropertyValueSpecification\",\"valueRequired\":true,\"valueName\":\"search_term_string\"}}],\"inLanguage\":\"ar\"},{\"@type\":\"Organization\",\"@id\":\"https:\/\/ahamimcar.com\/#organization\",\"name\":\"Ahamim car\",\"url\":\"https:\/\/ahamimcar.com\/\",\"logo\":{\"@type\":\"ImageObject\",\"inLanguage\":\"ar\",\"@id\":\"https:\/\/ahamimcar.com\/#\/schema\/logo\/image\/\",\"url\":\"https:\/\/ahamimcar.com\/wp-content\/uploads\/2023\/05\/ahamimcard-logo.png\",\"contentUrl\":\"https:\/\/ahamimcar.com\/wp-content\/uploads\/2023\/05\/ahamimcard-logo.png\",\"width\":500,\"height\":207,\"caption\":\"Ahamim car\"},\"image\":{\"@id\":\"https:\/\/ahamimcar.com\/#\/schema\/logo\/image\/\"},\"sameAs\":[\"https:\/\/www.facebook.com\/locationdesvoitures\"]}]}<\/script>\n<!-- \/ Yoast SEO plugin. -->","yoast_head_json":{"title":"Hyundai creta | Ahamim car","description":"Hyundai creta | R\u00e9cup\u00e9rez votre voiture de location Ahamimcar d\u00e8s votre arriv\u00e9e \u00e0 l'a\u00e9roport de F\u00e8s ! Notre agence de location vous propose une large gamme de voitures. Ne perdez plus de temps et r\u00e9servez d\u00e8s maintenant le voiture de location qui vous convient. R\u00e9cup\u00e9rez l\u00e0 d\u00e8s votre arriv\u00e9e \u00e0 l'a\u00e9roport de F\u00e8s et partez \u00e0 la d\u00e9couverte de la capitale culturelle du Maroc.","robots":{"index":"index","follow":"follow","max-snippet":"max-snippet:-1","max-image-preview":"max-image-preview:large","max-video-preview":"max-video-preview:-1"},"canonical":"https:\/\/ahamimcar.com\/ar\/car\/hyundai-creta\/","og_locale":"ar_AR","og_type":"article","og_title":"Hyundai creta | Ahamim car","og_description":"Hyundai creta | R\u00e9cup\u00e9rez votre voiture de location Ahamimcar d\u00e8s votre arriv\u00e9e \u00e0 l'a\u00e9roport de F\u00e8s ! Notre agence de location vous propose une large gamme de voitures. Ne perdez plus de temps et r\u00e9servez d\u00e8s maintenant le voiture de location qui vous convient. R\u00e9cup\u00e9rez l\u00e0 d\u00e8s votre arriv\u00e9e \u00e0 l'a\u00e9roport de F\u00e8s et partez \u00e0 la d\u00e9couverte de la capitale culturelle du Maroc.","og_url":"https:\/\/ahamimcar.com\/ar\/car\/hyundai-creta\/","og_site_name":"Ahamim car","article_publisher":"https:\/\/www.facebook.com\/locationdesvoitures","article_modified_time":"2024-03-22T23:13:55+00:00","og_image":[{"width":676,"height":403,"url":"https:\/\/ahamimcar.com\/wp-content\/uploads\/2023\/05\/hyundai-creta-2020-sx-ivt-bs6-petrol-polar-white-184465903-agiph.webp","type":"image\/webp"}],"twitter_card":"summary_large_image","schema":{"@context":"https:\/\/schema.org","@graph":[{"@type":"WebPage","@id":"https:\/\/ahamimcar.com\/en\/car\/hyundai-creta\/","url":"https:\/\/ahamimcar.com\/en\/car\/hyundai-creta\/","name":"Hyundai creta | Ahamim car","isPartOf":{"@id":"https:\/\/ahamimcar.com\/#website"},"primaryImageOfPage":{"@id":"https:\/\/ahamimcar.com\/en\/car\/hyundai-creta\/#primaryimage"},"image":{"@id":"https:\/\/ahamimcar.com\/en\/car\/hyundai-creta\/#primaryimage"},"thumbnailUrl":"https:\/\/ahamimcar.com\/wp-content\/uploads\/2023\/05\/hyundai-creta-2020-sx-ivt-bs6-petrol-polar-white-184465903-agiph.webp","datePublished":"2024-01-02T01:01:31+00:00","dateModified":"2024-03-22T23:13:55+00:00","description":"Hyundai creta | R\u00e9cup\u00e9rez votre voiture de location Ahamimcar d\u00e8s votre arriv\u00e9e \u00e0 l'a\u00e9roport de F\u00e8s ! Notre agence de location vous propose une large gamme de voitures. Ne perdez plus de temps et r\u00e9servez d\u00e8s maintenant le voiture de location qui vous convient. R\u00e9cup\u00e9rez l\u00e0 d\u00e8s votre arriv\u00e9e \u00e0 l'a\u00e9roport de F\u00e8s et partez \u00e0 la d\u00e9couverte de la capitale culturelle du Maroc.","breadcrumb":{"@id":"https:\/\/ahamimcar.com\/en\/car\/hyundai-creta\/#breadcrumb"},"inLanguage":"ar","potentialAction":[{"@type":"ReadAction","target":["https:\/\/ahamimcar.com\/en\/car\/hyundai-creta\/"]}]},{"@type":"ImageObject","inLanguage":"ar","@id":"https:\/\/ahamimcar.com\/en\/car\/hyundai-creta\/#primaryimage","url":"https:\/\/ahamimcar.com\/wp-content\/uploads\/2023\/05\/hyundai-creta-2020-sx-ivt-bs6-petrol-polar-white-184465903-agiph.webp","contentUrl":"https:\/\/ahamimcar.com\/wp-content\/uploads\/2023\/05\/hyundai-creta-2020-sx-ivt-bs6-petrol-polar-white-184465903-agiph.webp","width":676,"height":403},{"@type":"BreadcrumbList","@id":"https:\/\/ahamimcar.com\/en\/car\/hyundai-creta\/#breadcrumb","itemListElement":[{"@type":"ListItem","position":1,"name":"Accueil","item":"https:\/\/ahamimcar.com\/"},{"@type":"ListItem","position":2,"name":"Boutique","item":"https:\/\/ahamimcar.com\/en\/boutique\/"},{"@type":"ListItem","position":3,"name":"Hyundai creta"}]},{"@type":"WebSite","@id":"https:\/\/ahamimcar.com\/#website","url":"https:\/\/ahamimcar.com\/","name":"Ahamim car","description":"Location de voitures f\u00e8s saiss","publisher":{"@id":"https:\/\/ahamimcar.com\/#organization"},"potentialAction":[{"@type":"SearchAction","target":{"@type":"EntryPoint","urlTemplate":"https:\/\/ahamimcar.com\/?s={search_term_string}"},"query-input":{"@type":"PropertyValueSpecification","valueRequired":true,"valueName":"search_term_string"}}],"inLanguage":"ar"},{"@type":"Organization","@id":"https:\/\/ahamimcar.com\/#organization","name":"Ahamim car","url":"https:\/\/ahamimcar.com\/","logo":{"@type":"ImageObject","inLanguage":"ar","@id":"https:\/\/ahamimcar.com\/#\/schema\/logo\/image\/","url":"https:\/\/ahamimcar.com\/wp-content\/uploads\/2023\/05\/ahamimcard-logo.png","contentUrl":"https:\/\/ahamimcar.com\/wp-content\/uploads\/2023\/05\/ahamimcard-logo.png","width":500,"height":207,"caption":"Ahamim car"},"image":{"@id":"https:\/\/ahamimcar.com\/#\/schema\/logo\/image\/"},"sameAs":["https:\/\/www.facebook.com\/locationdesvoitures"]}]}},"_links":{"self":[{"href":"https:\/\/ahamimcar.com\/ar\/wp-json\/wp\/v2\/product\/2028"}],"collection":[{"href":"https:\/\/ahamimcar.com\/ar\/wp-json\/wp\/v2\/product"}],"about":[{"href":"https:\/\/ahamimcar.com\/ar\/wp-json\/wp\/v2\/types\/product"}],"replies":[{"embeddable":true,"href":"https:\/\/ahamimcar.com\/ar\/wp-json\/wp\/v2\/comments?post=2028"}],"version-history":[{"count":0,"href":"https:\/\/ahamimcar.com\/ar\/wp-json\/wp\/v2\/product\/2028\/revisions"}],"wp:featuredmedia":[{"embeddable":true,"href":"https:\/\/ahamimcar.com\/ar\/wp-json\/wp\/v2\/media\/2092"}],"wp:attachment":[{"href":"https:\/\/ahamimcar.com\/ar\/wp-json\/wp\/v2\/media?parent=2028"}],"wp:term":[{"taxonomy":"product_cat","embeddable":true,"href":"https:\/\/ahamimcar.com\/ar\/wp-json\/wp\/v2\/product_cat?post=2028"},{"taxonomy":"product_tag","embeddable":true,"href":"https:\/\/ahamimcar.com\/ar\/wp-json\/wp\/v2\/product_tag?post=2028"}],"curies":[{"name":"wp","href":"https:\/\/api.w.org\/{rel}","templated":true}]}}